{"id":6383,"date":"2022-01-24T10:29:19","date_gmt":"2022-01-24T10:29:19","guid":{"rendered":"https:\/\/a3d.es\/projects\/real-estate-projects\/"},"modified":"2023-03-05T17:04:24","modified_gmt":"2023-03-05T17:04:24","slug":"real-estate-projects","status":"publish","type":"page","link":"https:\/\/a3d.es\/en\/projects\/real-estate-projects\/","title":{"rendered":"Real estate projects"},"content":{"rendered":"\t\t<div data-elementor-type=\"wp-page\" data-elementor-id=\"6383\" class=\"elementor elementor-6383 elementor-1581\" data-elementor-settings=\"{&quot;ha_cmc_init_switcher&quot;:&quot;no&quot;}\" data-elementor-post-type=\"page\">\n\t\t\t\t\t\t<section class=\"elementor-section elementor-top-section elementor-element elementor-element-d2a8540 elementor-section-boxed elementor-section-height-default elementor-section-height-default\" data-id=\"d2a8540\" data-element_type=\"section\" data-e-type=\"section\" data-settings=\"{&quot;_ha_eqh_enable&quot;:false}\">\n\t\t\t\t\t\t<div class=\"elementor-container elementor-column-gap-default\">\n\t\t\t\t\t<div class=\"elementor-column elementor-col-100 elementor-top-column elementor-element elementor-element-553455e\" data-id=\"553455e\" data-element_type=\"column\" data-e-type=\"column\" data-settings=\"{&quot;background_background&quot;:&quot;classic&quot;}\">\n\t\t\t<div class=\"elementor-widget-wrap elementor-element-populated\">\n\t\t\t\t\t<div class=\"elementor-background-overlay\"><\/div>\n\t\t\t\t\t\t<div class=\"elementor-element elementor-element-9f15483 elementor-grid-eael-col-4 elementor-grid-tablet-eael-col-2 elementor-grid-mobile-eael-col-1 elementor-widget elementor-widget-eael-post-grid\" data-id=\"9f15483\" data-element_type=\"widget\" data-e-type=\"widget\" data-settings=\"{&quot;eael_post_grid_columns&quot;:&quot;eael-col-4&quot;,&quot;eael_post_grid_columns_tablet&quot;:&quot;eael-col-2&quot;,&quot;eael_post_grid_columns_mobile&quot;:&quot;eael-col-1&quot;}\" data-widget_type=\"eael-post-grid.default\">\n\t\t\t\t<div class=\"elementor-widget-container\">\n\t\t\t\t\t<div id=\"eael-post-grid-9f15483\" class=\"eael-post-grid-container\">\n            <div class=\"eael-post-grid eael-post-appender eael-post-appender-9f15483 eael-post-grid-style-three\" data-layout-mode=\"grid\"><article class=\"eael-grid-post  eael-post-grid-column eael-pg-post-8869 category-real-state\" data-id=\"8869\">\n        <div class=\"eael-grid-post-holder\">\n            <div class=\"eael-grid-post-holder-inner\"><div class=\"eael-entry-media\"><div class=\"eael-entry-overlay fade-in\"><i class=\"\" aria-hidden=\"true\"><\/i><a href=\"https:\/\/a3d.es\/en\/construcciones\/oxxeo-building-in-madrid\/\"><\/a><\/div><div class=\"eael-entry-thumbnail \">\n                 <img fetchpriority=\"high\" decoding=\"async\" width=\"1920\" height=\"1080\" src=\"https:\/\/a3d.es\/wp-content\/uploads\/2023\/09\/P46-01.jpg\" class=\"attachment-full size-full wp-image-8579\" alt=\"Vista general explotada del Edificio Oxxeo\" title=\"\" srcset=\"https:\/\/a3d.es\/wp-content\/uploads\/2023\/09\/P46-01.jpg 1920w, https:\/\/a3d.es\/wp-content\/uploads\/2023\/09\/P46-01-300x169.jpg 300w, https:\/\/a3d.es\/wp-content\/uploads\/2023\/09\/P46-01-1024x576.jpg 1024w, https:\/\/a3d.es\/wp-content\/uploads\/2023\/09\/P46-01-768x432.jpg 768w, https:\/\/a3d.es\/wp-content\/uploads\/2023\/09\/P46-01-1536x864.jpg 1536w\" sizes=\"(max-width: 1920px) 100vw, 1920px\" \/>\n             <\/div>\n        <\/div><div class=\"eael-entry-wrapper\"><header class=\"eael-entry-header\"><h2 class=\"eael-entry-title\"><a class=\"eael-grid-post-link\" href=\"https:\/\/a3d.es\/en\/construcciones\/oxxeo-building-in-madrid\/\" title=\"Oxxeo Building in Madrid\">Oxxeo Building in Madrid<\/a><\/h2><\/header><\/div><\/div>\n        <\/div>\n    <\/article><article class=\"eael-grid-post  eael-post-grid-column eael-pg-post-6432 category-patrimonial-real-state\" data-id=\"6432\">\n        <div class=\"eael-grid-post-holder\">\n            <div class=\"eael-grid-post-holder-inner\"><div class=\"eael-entry-media\"><div class=\"eael-entry-overlay fade-in\"><i class=\"\" aria-hidden=\"true\"><\/i><a href=\"https:\/\/a3d.es\/en\/construcciones\/housing-complex-equipped-with-communal-areas-car-parks-and-business-premises\/\"><\/a><\/div><div class=\"eael-entry-thumbnail \">\n                 <img decoding=\"async\" width=\"2560\" height=\"1440\" src=\"https:\/\/a3d.es\/wp-content\/uploads\/2022\/09\/A3D-proyectos-culmia-portada-1-scaled.jpg\" class=\"attachment-full size-full wp-image-6196\" alt=\"\" title=\"\" srcset=\"https:\/\/a3d.es\/wp-content\/uploads\/2022\/09\/A3D-proyectos-culmia-portada-1-scaled.jpg 2560w, https:\/\/a3d.es\/wp-content\/uploads\/2022\/09\/A3D-proyectos-culmia-portada-1-300x169.jpg 300w, https:\/\/a3d.es\/wp-content\/uploads\/2022\/09\/A3D-proyectos-culmia-portada-1-1024x576.jpg 1024w, https:\/\/a3d.es\/wp-content\/uploads\/2022\/09\/A3D-proyectos-culmia-portada-1-768x432.jpg 768w, https:\/\/a3d.es\/wp-content\/uploads\/2022\/09\/A3D-proyectos-culmia-portada-1-1536x864.jpg 1536w, https:\/\/a3d.es\/wp-content\/uploads\/2022\/09\/A3D-proyectos-culmia-portada-1-2048x1152.jpg 2048w\" sizes=\"(max-width: 2560px) 100vw, 2560px\" \/>\n             <\/div>\n        <\/div><div class=\"eael-entry-wrapper\"><header class=\"eael-entry-header\"><h2 class=\"eael-entry-title\"><a class=\"eael-grid-post-link\" href=\"https:\/\/a3d.es\/en\/construcciones\/housing-complex-equipped-with-communal-areas-car-parks-and-business-premises\/\" title=\"Housing complex equipped with communal areas, car parks and business premises\">Housing complex equipped with communal areas, car parks and business premises<\/a><\/h2><\/header><\/div><\/div>\n        <\/div>\n    <\/article><article class=\"eael-grid-post  eael-post-grid-column eael-pg-post-9095 category-patrimonial\" data-id=\"9095\">\n        <div class=\"eael-grid-post-holder\">\n            <div class=\"eael-grid-post-holder-inner\"><div class=\"eael-entry-media\"><div class=\"eael-entry-overlay fade-in\"><i class=\"\" aria-hidden=\"true\"><\/i><a href=\"https:\/\/a3d.es\/en\/construcciones\/edificio-inefc\/\"><\/a><\/div><div class=\"eael-entry-thumbnail \">\n                 <img decoding=\"async\" width=\"1519\" height=\"1080\" src=\"https:\/\/a3d.es\/wp-content\/uploads\/2023\/11\/INEFC02.jpg\" class=\"attachment-full size-full wp-image-9101\" alt=\"Edificio INEFC\" title=\"\" srcset=\"https:\/\/a3d.es\/wp-content\/uploads\/2023\/11\/INEFC02.jpg 1519w, https:\/\/a3d.es\/wp-content\/uploads\/2023\/11\/INEFC02-300x213.jpg 300w, https:\/\/a3d.es\/wp-content\/uploads\/2023\/11\/INEFC02-1024x728.jpg 1024w, https:\/\/a3d.es\/wp-content\/uploads\/2023\/11\/INEFC02-768x546.jpg 768w\" sizes=\"(max-width: 1519px) 100vw, 1519px\" \/>\n             <\/div>\n        <\/div><div class=\"eael-entry-wrapper\"><header class=\"eael-entry-header\"><h2 class=\"eael-entry-title\"><a class=\"eael-grid-post-link\" href=\"https:\/\/a3d.es\/en\/construcciones\/edificio-inefc\/\" title=\"Edificio INEFC\">Edificio INEFC<\/a><\/h2><\/header><\/div><\/div>\n        <\/div>\n    <\/article><article class=\"eael-grid-post  eael-post-grid-column eael-pg-post-6890 category-patrimonial-real-state\" data-id=\"6890\">\n        <div class=\"eael-grid-post-holder\">\n            <div class=\"eael-grid-post-holder-inner\"><div class=\"eael-entry-media\"><div class=\"eael-entry-overlay fade-in\"><i class=\"\" aria-hidden=\"true\"><\/i><a href=\"https:\/\/a3d.es\/en\/construcciones\/santa-coloma-sports-centre\/\"><\/a><\/div><div class=\"eael-entry-thumbnail \">\n                 <img loading=\"lazy\" decoding=\"async\" width=\"2000\" height=\"1124\" src=\"https:\/\/a3d.es\/wp-content\/uploads\/2022\/03\/a3d-proyectos-pabellon-santa-coloma-gramanet-principal.jpg\" class=\"attachment-full size-full wp-image-5824\" alt=\"\" title=\"\" srcset=\"https:\/\/a3d.es\/wp-content\/uploads\/2022\/03\/a3d-proyectos-pabellon-santa-coloma-gramanet-principal.jpg 2000w, https:\/\/a3d.es\/wp-content\/uploads\/2022\/03\/a3d-proyectos-pabellon-santa-coloma-gramanet-principal-300x169.jpg 300w, https:\/\/a3d.es\/wp-content\/uploads\/2022\/03\/a3d-proyectos-pabellon-santa-coloma-gramanet-principal-1024x575.jpg 1024w, https:\/\/a3d.es\/wp-content\/uploads\/2022\/03\/a3d-proyectos-pabellon-santa-coloma-gramanet-principal-768x432.jpg 768w, https:\/\/a3d.es\/wp-content\/uploads\/2022\/03\/a3d-proyectos-pabellon-santa-coloma-gramanet-principal-1536x863.jpg 1536w\" sizes=\"(max-width: 2000px) 100vw, 2000px\" \/>\n             <\/div>\n        <\/div><div class=\"eael-entry-wrapper\"><header class=\"eael-entry-header\"><h2 class=\"eael-entry-title\"><a class=\"eael-grid-post-link\" href=\"https:\/\/a3d.es\/en\/construcciones\/santa-coloma-sports-centre\/\" title=\"Santa Coloma sports centre\">Santa Coloma sports centre<\/a><\/h2><\/header><\/div><\/div>\n        <\/div>\n    <\/article><article class=\"eael-grid-post  eael-post-grid-column eael-pg-post-6917 category-patrimonial-real-state\" data-id=\"6917\">\n        <div class=\"eael-grid-post-holder\">\n            <div class=\"eael-grid-post-holder-inner\"><div class=\"eael-entry-media\"><div class=\"eael-entry-overlay fade-in\"><i class=\"\" aria-hidden=\"true\"><\/i><a href=\"https:\/\/a3d.es\/en\/construcciones\/pau-vila-library\/\"><\/a><\/div><div class=\"eael-entry-thumbnail \">\n                 <img loading=\"lazy\" decoding=\"async\" width=\"2000\" height=\"1125\" src=\"https:\/\/a3d.es\/wp-content\/uploads\/2022\/03\/a3d-proyecto-biblioteca-pau-vila-principal.jpg\" class=\"attachment-full size-full wp-image-5749\" alt=\"\" title=\"\" srcset=\"https:\/\/a3d.es\/wp-content\/uploads\/2022\/03\/a3d-proyecto-biblioteca-pau-vila-principal.jpg 2000w, https:\/\/a3d.es\/wp-content\/uploads\/2022\/03\/a3d-proyecto-biblioteca-pau-vila-principal-300x169.jpg 300w, https:\/\/a3d.es\/wp-content\/uploads\/2022\/03\/a3d-proyecto-biblioteca-pau-vila-principal-1024x576.jpg 1024w, https:\/\/a3d.es\/wp-content\/uploads\/2022\/03\/a3d-proyecto-biblioteca-pau-vila-principal-768x432.jpg 768w, https:\/\/a3d.es\/wp-content\/uploads\/2022\/03\/a3d-proyecto-biblioteca-pau-vila-principal-1536x864.jpg 1536w\" sizes=\"(max-width: 2000px) 100vw, 2000px\" \/>\n             <\/div>\n        <\/div><div class=\"eael-entry-wrapper\"><header class=\"eael-entry-header\"><h2 class=\"eael-entry-title\"><a class=\"eael-grid-post-link\" href=\"https:\/\/a3d.es\/en\/construcciones\/pau-vila-library\/\" title=\"Pau Vila Library\">Pau Vila Library<\/a><\/h2><\/header><\/div><\/div>\n        <\/div>\n    <\/article><article class=\"eael-grid-post  eael-post-grid-column eael-pg-post-6927 category-real-state\" data-id=\"6927\">\n        <div class=\"eael-grid-post-holder\">\n            <div class=\"eael-grid-post-holder-inner\"><div class=\"eael-entry-media\"><div class=\"eael-entry-overlay fade-in\"><i class=\"\" aria-hidden=\"true\"><\/i><a href=\"https:\/\/a3d.es\/en\/construcciones\/centre-de-cultura-contemporania-de-barcelona-cccb-2\/\"><\/a><\/div><div class=\"eael-entry-thumbnail \">\n                 <img loading=\"lazy\" decoding=\"async\" width=\"1980\" height=\"1114\" src=\"https:\/\/a3d.es\/wp-content\/uploads\/2022\/02\/A3D-proyectos-cccb-principal.jpg\" class=\"attachment-full size-full wp-image-5701\" alt=\"\" title=\"\" srcset=\"https:\/\/a3d.es\/wp-content\/uploads\/2022\/02\/A3D-proyectos-cccb-principal.jpg 1980w, https:\/\/a3d.es\/wp-content\/uploads\/2022\/02\/A3D-proyectos-cccb-principal-300x169.jpg 300w, https:\/\/a3d.es\/wp-content\/uploads\/2022\/02\/A3D-proyectos-cccb-principal-1024x576.jpg 1024w, https:\/\/a3d.es\/wp-content\/uploads\/2022\/02\/A3D-proyectos-cccb-principal-768x432.jpg 768w, https:\/\/a3d.es\/wp-content\/uploads\/2022\/02\/A3D-proyectos-cccb-principal-1536x864.jpg 1536w\" sizes=\"(max-width: 1980px) 100vw, 1980px\" \/>\n             <\/div>\n        <\/div><div class=\"eael-entry-wrapper\"><header class=\"eael-entry-header\"><h2 class=\"eael-entry-title\"><a class=\"eael-grid-post-link\" href=\"https:\/\/a3d.es\/en\/construcciones\/centre-de-cultura-contemporania-de-barcelona-cccb-2\/\" title=\"Barcelona Contemporary Culture Center (CCCB)\">Barcelona Contemporary Culture Center (CCCB)<\/a><\/h2><\/header><\/div><\/div>\n        <\/div>\n    <\/article><article class=\"eael-grid-post  eael-post-grid-column eael-pg-post-6925 category-real-state\" data-id=\"6925\">\n        <div class=\"eael-grid-post-holder\">\n            <div class=\"eael-grid-post-holder-inner\"><div class=\"eael-entry-media\"><div class=\"eael-entry-overlay fade-in\"><i class=\"\" aria-hidden=\"true\"><\/i><a href=\"https:\/\/a3d.es\/en\/construcciones\/amb-building\/\"><\/a><\/div><div class=\"eael-entry-thumbnail \">\n                 <img loading=\"lazy\" decoding=\"async\" width=\"1980\" height=\"1114\" src=\"https:\/\/a3d.es\/wp-content\/uploads\/2022\/02\/A3D-proyectos-edificio-amb-1.jpg\" class=\"attachment-full size-full wp-image-5710\" alt=\"\" title=\"\" srcset=\"https:\/\/a3d.es\/wp-content\/uploads\/2022\/02\/A3D-proyectos-edificio-amb-1.jpg 1980w, https:\/\/a3d.es\/wp-content\/uploads\/2022\/02\/A3D-proyectos-edificio-amb-1-300x169.jpg 300w, https:\/\/a3d.es\/wp-content\/uploads\/2022\/02\/A3D-proyectos-edificio-amb-1-1024x576.jpg 1024w, https:\/\/a3d.es\/wp-content\/uploads\/2022\/02\/A3D-proyectos-edificio-amb-1-768x432.jpg 768w, https:\/\/a3d.es\/wp-content\/uploads\/2022\/02\/A3D-proyectos-edificio-amb-1-1536x864.jpg 1536w\" sizes=\"(max-width: 1980px) 100vw, 1980px\" \/>\n             <\/div>\n        <\/div><div class=\"eael-entry-wrapper\"><header class=\"eael-entry-header\"><h2 class=\"eael-entry-title\"><a class=\"eael-grid-post-link\" href=\"https:\/\/a3d.es\/en\/construcciones\/amb-building\/\" title=\"AMB building\">AMB building<\/a><\/h2><\/header><\/div><\/div>\n        <\/div>\n    <\/article><article class=\"eael-grid-post  eael-post-grid-column eael-pg-post-6921 category-real-state\" data-id=\"6921\">\n        <div class=\"eael-grid-post-holder\">\n            <div class=\"eael-grid-post-holder-inner\"><div class=\"eael-entry-media\"><div class=\"eael-entry-overlay fade-in\"><i class=\"\" aria-hidden=\"true\"><\/i><a href=\"https:\/\/a3d.es\/en\/construcciones\/national-audit-office-school\/\"><\/a><\/div><div class=\"eael-entry-thumbnail \">\n                 <img loading=\"lazy\" decoding=\"async\" width=\"2000\" height=\"1125\" src=\"https:\/\/a3d.es\/wp-content\/uploads\/2022\/03\/a3d-proyecto-escuela-nacional-de-control-de-contraloria-principal.jpg\" class=\"attachment-full size-full wp-image-5733\" alt=\"\" title=\"\" srcset=\"https:\/\/a3d.es\/wp-content\/uploads\/2022\/03\/a3d-proyecto-escuela-nacional-de-control-de-contraloria-principal.jpg 2000w, https:\/\/a3d.es\/wp-content\/uploads\/2022\/03\/a3d-proyecto-escuela-nacional-de-control-de-contraloria-principal-300x169.jpg 300w, https:\/\/a3d.es\/wp-content\/uploads\/2022\/03\/a3d-proyecto-escuela-nacional-de-control-de-contraloria-principal-1024x576.jpg 1024w, https:\/\/a3d.es\/wp-content\/uploads\/2022\/03\/a3d-proyecto-escuela-nacional-de-control-de-contraloria-principal-768x432.jpg 768w, https:\/\/a3d.es\/wp-content\/uploads\/2022\/03\/a3d-proyecto-escuela-nacional-de-control-de-contraloria-principal-1536x864.jpg 1536w\" sizes=\"(max-width: 2000px) 100vw, 2000px\" \/>\n             <\/div>\n        <\/div><div class=\"eael-entry-wrapper\"><header class=\"eael-entry-header\"><h2 class=\"eael-entry-title\"><a class=\"eael-grid-post-link\" href=\"https:\/\/a3d.es\/en\/construcciones\/national-audit-office-school\/\" title=\"National Audit Office School\">National Audit Office School<\/a><\/h2><\/header><\/div><\/div>\n        <\/div>\n    <\/article><article class=\"eael-grid-post  eael-post-grid-column eael-pg-post-6919 category-real-state\" data-id=\"6919\">\n        <div class=\"eael-grid-post-holder\">\n            <div class=\"eael-grid-post-holder-inner\"><div class=\"eael-entry-media\"><div class=\"eael-entry-overlay fade-in\"><i class=\"\" aria-hidden=\"true\"><\/i><a href=\"https:\/\/a3d.es\/en\/construcciones\/funeral-home\/\"><\/a><\/div><div class=\"eael-entry-thumbnail \">\n                 <img loading=\"lazy\" decoding=\"async\" width=\"2000\" height=\"1125\" src=\"https:\/\/a3d.es\/wp-content\/uploads\/2022\/03\/a3d-proyecto-tanatorio-principal.jpg\" class=\"attachment-full size-full wp-image-5740\" alt=\"\" title=\"\" srcset=\"https:\/\/a3d.es\/wp-content\/uploads\/2022\/03\/a3d-proyecto-tanatorio-principal.jpg 2000w, https:\/\/a3d.es\/wp-content\/uploads\/2022\/03\/a3d-proyecto-tanatorio-principal-300x169.jpg 300w, https:\/\/a3d.es\/wp-content\/uploads\/2022\/03\/a3d-proyecto-tanatorio-principal-1024x576.jpg 1024w, https:\/\/a3d.es\/wp-content\/uploads\/2022\/03\/a3d-proyecto-tanatorio-principal-768x432.jpg 768w, https:\/\/a3d.es\/wp-content\/uploads\/2022\/03\/a3d-proyecto-tanatorio-principal-1536x864.jpg 1536w\" sizes=\"(max-width: 2000px) 100vw, 2000px\" \/>\n             <\/div>\n        <\/div><div class=\"eael-entry-wrapper\"><header class=\"eael-entry-header\"><h2 class=\"eael-entry-title\"><a class=\"eael-grid-post-link\" href=\"https:\/\/a3d.es\/en\/construcciones\/funeral-home\/\" title=\"Funeral home\">Funeral home<\/a><\/h2><\/header><\/div><\/div>\n        <\/div>\n    <\/article><article class=\"eael-grid-post  eael-post-grid-column eael-pg-post-6460 category-patrimonial-real-state\" data-id=\"6460\">\n        <div class=\"eael-grid-post-holder\">\n            <div class=\"eael-grid-post-holder-inner\"><div class=\"eael-entry-media\"><div class=\"eael-entry-overlay fade-in\"><i class=\"\" aria-hidden=\"true\"><\/i><a href=\"https:\/\/a3d.es\/en\/construcciones\/sant-feliu-de-llobregat-town-council\/\"><\/a><\/div><div class=\"eael-entry-thumbnail \">\n                 <img loading=\"lazy\" decoding=\"async\" width=\"1920\" height=\"1080\" src=\"https:\/\/a3d.es\/wp-content\/uploads\/2022\/09\/A3D-proyectos-voracys-galeria-3.png\" class=\"attachment-full size-full wp-image-6179\" alt=\"\" title=\"\" srcset=\"https:\/\/a3d.es\/wp-content\/uploads\/2022\/09\/A3D-proyectos-voracys-galeria-3.png 1920w, https:\/\/a3d.es\/wp-content\/uploads\/2022\/09\/A3D-proyectos-voracys-galeria-3-300x169.png 300w, https:\/\/a3d.es\/wp-content\/uploads\/2022\/09\/A3D-proyectos-voracys-galeria-3-1024x576.png 1024w, https:\/\/a3d.es\/wp-content\/uploads\/2022\/09\/A3D-proyectos-voracys-galeria-3-768x432.png 768w, https:\/\/a3d.es\/wp-content\/uploads\/2022\/09\/A3D-proyectos-voracys-galeria-3-1536x864.png 1536w\" sizes=\"(max-width: 1920px) 100vw, 1920px\" \/>\n             <\/div>\n        <\/div><div class=\"eael-entry-wrapper\"><header class=\"eael-entry-header\"><h2 class=\"eael-entry-title\"><a class=\"eael-grid-post-link\" href=\"https:\/\/a3d.es\/en\/construcciones\/sant-feliu-de-llobregat-town-council\/\" title=\"Sant Feliu de Llobregat Town Council\">Sant Feliu de Llobregat Town Council<\/a><\/h2><\/header><\/div><\/div>\n        <\/div>\n    <\/article><article class=\"eael-grid-post  eael-post-grid-column eael-pg-post-8603 category-patrimonial\" data-id=\"8603\">\n        <div class=\"eael-grid-post-holder\">\n            <div class=\"eael-grid-post-holder-inner\"><div class=\"eael-entry-media\"><div class=\"eael-entry-overlay fade-in\"><i class=\"\" aria-hidden=\"true\"><\/i><a href=\"https:\/\/a3d.es\/en\/construcciones\/edificio-de-viviendas-en-chalon-sur-saone\/\"><\/a><\/div><div class=\"eael-entry-thumbnail \">\n                 <img loading=\"lazy\" decoding=\"async\" width=\"1920\" height=\"1080\" src=\"https:\/\/a3d.es\/wp-content\/uploads\/2023\/10\/Resumen-02.jpg\" class=\"attachment-full size-full wp-image-8607\" alt=\"Visa general del modelo BIM\" title=\"\" srcset=\"https:\/\/a3d.es\/wp-content\/uploads\/2023\/10\/Resumen-02.jpg 1920w, https:\/\/a3d.es\/wp-content\/uploads\/2023\/10\/Resumen-02-300x169.jpg 300w, https:\/\/a3d.es\/wp-content\/uploads\/2023\/10\/Resumen-02-1024x576.jpg 1024w, https:\/\/a3d.es\/wp-content\/uploads\/2023\/10\/Resumen-02-768x432.jpg 768w, https:\/\/a3d.es\/wp-content\/uploads\/2023\/10\/Resumen-02-1536x864.jpg 1536w\" sizes=\"(max-width: 1920px) 100vw, 1920px\" \/>\n             <\/div>\n        <\/div><div class=\"eael-entry-wrapper\"><header class=\"eael-entry-header\"><h2 class=\"eael-entry-title\"><a class=\"eael-grid-post-link\" href=\"https:\/\/a3d.es\/en\/construcciones\/edificio-de-viviendas-en-chalon-sur-saone\/\" title=\"Edificio de viviendas en Chalon-sur-Sa\u00f4ne\">Edificio de viviendas en Chalon-sur-Sa\u00f4ne<\/a><\/h2><\/header><\/div><\/div>\n        <\/div>\n    <\/article><article class=\"eael-grid-post  eael-post-grid-column eael-pg-post-8873 category-real-state\" data-id=\"8873\">\n        <div class=\"eael-grid-post-holder\">\n            <div class=\"eael-grid-post-holder-inner\"><div class=\"eael-entry-media\"><div class=\"eael-entry-overlay fade-in\"><i class=\"\" aria-hidden=\"true\"><\/i><a href=\"https:\/\/a3d.es\/en\/construcciones\/jesuites-sant-gervasi-infant-jesus\/\"><\/a><\/div><div class=\"eael-entry-thumbnail \">\n                 <img loading=\"lazy\" decoding=\"async\" width=\"1920\" height=\"1080\" src=\"https:\/\/a3d.es\/wp-content\/uploads\/2023\/03\/Vista-inteior-1.png\" class=\"attachment-full size-full wp-image-7278\" alt=\"\" title=\"\" srcset=\"https:\/\/a3d.es\/wp-content\/uploads\/2023\/03\/Vista-inteior-1.png 1920w, https:\/\/a3d.es\/wp-content\/uploads\/2023\/03\/Vista-inteior-1-300x169.png 300w, https:\/\/a3d.es\/wp-content\/uploads\/2023\/03\/Vista-inteior-1-1024x576.png 1024w, https:\/\/a3d.es\/wp-content\/uploads\/2023\/03\/Vista-inteior-1-768x432.png 768w, https:\/\/a3d.es\/wp-content\/uploads\/2023\/03\/Vista-inteior-1-1536x864.png 1536w\" sizes=\"(max-width: 1920px) 100vw, 1920px\" \/>\n             <\/div>\n        <\/div><div class=\"eael-entry-wrapper\"><header class=\"eael-entry-header\"><h2 class=\"eael-entry-title\"><a class=\"eael-grid-post-link\" href=\"https:\/\/a3d.es\/en\/construcciones\/jesuites-sant-gervasi-infant-jesus\/\" title=\"Jesu\u00eftes Sant Gervasi &#8211; Infant Jes\u00fas\">Jesu\u00eftes Sant Gervasi &#8211; Infant Jes\u00fas<\/a><\/h2><\/header><\/div><\/div>\n        <\/div>\n    <\/article><article class=\"eael-grid-post  eael-post-grid-column eael-pg-post-8879 category-real-state\" data-id=\"8879\">\n        <div class=\"eael-grid-post-holder\">\n            <div class=\"eael-grid-post-holder-inner\"><div class=\"eael-entry-media\"><div class=\"eael-entry-overlay fade-in\"><i class=\"\" aria-hidden=\"true\"><\/i><a href=\"https:\/\/a3d.es\/en\/construcciones\/joan-xxiii-bellvitge-general-studies-center\/\"><\/a><\/div><div class=\"eael-entry-thumbnail \">\n                 <img loading=\"lazy\" decoding=\"async\" width=\"1920\" height=\"1080\" src=\"https:\/\/a3d.es\/wp-content\/uploads\/2023\/03\/P38_Vista-Ficha-3.png\" class=\"attachment-full size-full wp-image-7082\" alt=\"\" title=\"\" srcset=\"https:\/\/a3d.es\/wp-content\/uploads\/2023\/03\/P38_Vista-Ficha-3.png 1920w, https:\/\/a3d.es\/wp-content\/uploads\/2023\/03\/P38_Vista-Ficha-3-300x169.png 300w, https:\/\/a3d.es\/wp-content\/uploads\/2023\/03\/P38_Vista-Ficha-3-1024x576.png 1024w, https:\/\/a3d.es\/wp-content\/uploads\/2023\/03\/P38_Vista-Ficha-3-768x432.png 768w, https:\/\/a3d.es\/wp-content\/uploads\/2023\/03\/P38_Vista-Ficha-3-1536x864.png 1536w\" sizes=\"(max-width: 1920px) 100vw, 1920px\" \/>\n             <\/div>\n        <\/div><div class=\"eael-entry-wrapper\"><header class=\"eael-entry-header\"><h2 class=\"eael-entry-title\"><a class=\"eael-grid-post-link\" href=\"https:\/\/a3d.es\/en\/construcciones\/joan-xxiii-bellvitge-general-studies-center\/\" title=\"Joan XXIII Bellvitge General Studies Center\">Joan XXIII Bellvitge General Studies Center<\/a><\/h2><\/header><\/div><\/div>\n        <\/div>\n    <\/article><article class=\"eael-grid-post  eael-post-grid-column eael-pg-post-6886 category-patrimonial-real-state\" data-id=\"6886\">\n        <div class=\"eael-grid-post-holder\">\n            <div class=\"eael-grid-post-holder-inner\"><div class=\"eael-entry-media\"><div class=\"eael-entry-overlay fade-in\"><i class=\"\" aria-hidden=\"true\"><\/i><a href=\"https:\/\/a3d.es\/en\/construcciones\/police-station-in-barbera-de-valles\/\"><\/a><\/div><div class=\"eael-entry-thumbnail \">\n                 <img loading=\"lazy\" decoding=\"async\" width=\"2000\" height=\"1341\" src=\"https:\/\/a3d.es\/wp-content\/uploads\/2022\/03\/A3D-proyectos-comisaria-barbera-principal.jpg\" class=\"attachment-full size-full wp-image-5852\" alt=\"\" title=\"\" srcset=\"https:\/\/a3d.es\/wp-content\/uploads\/2022\/03\/A3D-proyectos-comisaria-barbera-principal.jpg 2000w, https:\/\/a3d.es\/wp-content\/uploads\/2022\/03\/A3D-proyectos-comisaria-barbera-principal-300x201.jpg 300w, https:\/\/a3d.es\/wp-content\/uploads\/2022\/03\/A3D-proyectos-comisaria-barbera-principal-1024x687.jpg 1024w, https:\/\/a3d.es\/wp-content\/uploads\/2022\/03\/A3D-proyectos-comisaria-barbera-principal-768x515.jpg 768w, https:\/\/a3d.es\/wp-content\/uploads\/2022\/03\/A3D-proyectos-comisaria-barbera-principal-1536x1030.jpg 1536w\" sizes=\"(max-width: 2000px) 100vw, 2000px\" \/>\n             <\/div>\n        <\/div><div class=\"eael-entry-wrapper\"><header class=\"eael-entry-header\"><h2 class=\"eael-entry-title\"><a class=\"eael-grid-post-link\" href=\"https:\/\/a3d.es\/en\/construcciones\/police-station-in-barbera-de-valles\/\" title=\"Police station in Barber\u00e0 de Vall\u00e8s\">Police station in Barber\u00e0 de Vall\u00e8s<\/a><\/h2><\/header><\/div><\/div>\n        <\/div>\n    <\/article><article class=\"eael-grid-post  eael-post-grid-column eael-pg-post-6899 category-patrimonial-real-state\" data-id=\"6899\">\n        <div class=\"eael-grid-post-holder\">\n            <div class=\"eael-grid-post-holder-inner\"><div class=\"eael-entry-media\"><div class=\"eael-entry-overlay fade-in\"><i class=\"\" aria-hidden=\"true\"><\/i><a href=\"https:\/\/a3d.es\/en\/construcciones\/housing-complex\/\"><\/a><\/div><div class=\"eael-entry-thumbnail \">\n                 <img loading=\"lazy\" decoding=\"async\" width=\"2000\" height=\"1125\" src=\"https:\/\/a3d.es\/wp-content\/uploads\/2022\/03\/A3D-proyectos-conjunto-viviendas-principal.jpg\" class=\"attachment-full size-full wp-image-5806\" alt=\"\" title=\"\" srcset=\"https:\/\/a3d.es\/wp-content\/uploads\/2022\/03\/A3D-proyectos-conjunto-viviendas-principal.jpg 2000w, https:\/\/a3d.es\/wp-content\/uploads\/2022\/03\/A3D-proyectos-conjunto-viviendas-principal-300x169.jpg 300w, https:\/\/a3d.es\/wp-content\/uploads\/2022\/03\/A3D-proyectos-conjunto-viviendas-principal-1024x576.jpg 1024w, https:\/\/a3d.es\/wp-content\/uploads\/2022\/03\/A3D-proyectos-conjunto-viviendas-principal-768x432.jpg 768w, https:\/\/a3d.es\/wp-content\/uploads\/2022\/03\/A3D-proyectos-conjunto-viviendas-principal-1536x864.jpg 1536w\" sizes=\"(max-width: 2000px) 100vw, 2000px\" \/>\n             <\/div>\n        <\/div><div class=\"eael-entry-wrapper\"><header class=\"eael-entry-header\"><h2 class=\"eael-entry-title\"><a class=\"eael-grid-post-link\" href=\"https:\/\/a3d.es\/en\/construcciones\/housing-complex\/\" title=\"Housing complex\">Housing complex<\/a><\/h2><\/header><\/div><\/div>\n        <\/div>\n    <\/article><article class=\"eael-grid-post  eael-post-grid-column eael-pg-post-6909 category-patrimonial-real-state\" data-id=\"6909\">\n        <div class=\"eael-grid-post-holder\">\n            <div class=\"eael-grid-post-holder-inner\"><div class=\"eael-entry-media\"><div class=\"eael-entry-overlay fade-in\"><i class=\"\" aria-hidden=\"true\"><\/i><a href=\"https:\/\/a3d.es\/en\/construcciones\/logistics-units-in-valencia\/\"><\/a><\/div><div class=\"eael-entry-thumbnail \">\n                 <img loading=\"lazy\" decoding=\"async\" width=\"1920\" height=\"1080\" src=\"https:\/\/a3d.es\/wp-content\/uploads\/2022\/03\/180611_PACISA_02_Modelo_Completo-con-arq_FHD.jpg\" class=\"attachment-full size-full wp-image-5772\" alt=\"\" title=\"\" srcset=\"https:\/\/a3d.es\/wp-content\/uploads\/2022\/03\/180611_PACISA_02_Modelo_Completo-con-arq_FHD.jpg 1920w, https:\/\/a3d.es\/wp-content\/uploads\/2022\/03\/180611_PACISA_02_Modelo_Completo-con-arq_FHD-300x169.jpg 300w, https:\/\/a3d.es\/wp-content\/uploads\/2022\/03\/180611_PACISA_02_Modelo_Completo-con-arq_FHD-1024x576.jpg 1024w, https:\/\/a3d.es\/wp-content\/uploads\/2022\/03\/180611_PACISA_02_Modelo_Completo-con-arq_FHD-768x432.jpg 768w, https:\/\/a3d.es\/wp-content\/uploads\/2022\/03\/180611_PACISA_02_Modelo_Completo-con-arq_FHD-1536x864.jpg 1536w\" sizes=\"(max-width: 1920px) 100vw, 1920px\" \/>\n             <\/div>\n        <\/div><div class=\"eael-entry-wrapper\"><header class=\"eael-entry-header\"><h2 class=\"eael-entry-title\"><a class=\"eael-grid-post-link\" href=\"https:\/\/a3d.es\/en\/construcciones\/logistics-units-in-valencia\/\" title=\"Logistics units in Valencia\">Logistics units in Valencia<\/a><\/h2><\/header><\/div><\/div>\n        <\/div>\n    <\/article><article class=\"eael-grid-post  eael-post-grid-column eael-pg-post-6905 category-patrimonial-real-state\" data-id=\"6905\">\n        <div class=\"eael-grid-post-holder\">\n            <div class=\"eael-grid-post-holder-inner\"><div class=\"eael-entry-media\"><div class=\"eael-entry-overlay fade-in\"><i class=\"\" aria-hidden=\"true\"><\/i><a href=\"https:\/\/a3d.es\/en\/construcciones\/mayor-street-development\/\"><\/a><\/div><div class=\"eael-entry-thumbnail \">\n                 <img loading=\"lazy\" decoding=\"async\" width=\"1920\" height=\"1080\" src=\"https:\/\/a3d.es\/wp-content\/uploads\/2022\/03\/A3D-proyectos-urbanizacion-calle-major-slider-2.jpg\" class=\"attachment-full size-full wp-image-5788\" alt=\"\" title=\"\" srcset=\"https:\/\/a3d.es\/wp-content\/uploads\/2022\/03\/A3D-proyectos-urbanizacion-calle-major-slider-2.jpg 1920w, https:\/\/a3d.es\/wp-content\/uploads\/2022\/03\/A3D-proyectos-urbanizacion-calle-major-slider-2-300x169.jpg 300w, https:\/\/a3d.es\/wp-content\/uploads\/2022\/03\/A3D-proyectos-urbanizacion-calle-major-slider-2-1024x576.jpg 1024w, https:\/\/a3d.es\/wp-content\/uploads\/2022\/03\/A3D-proyectos-urbanizacion-calle-major-slider-2-768x432.jpg 768w, https:\/\/a3d.es\/wp-content\/uploads\/2022\/03\/A3D-proyectos-urbanizacion-calle-major-slider-2-1536x864.jpg 1536w\" sizes=\"(max-width: 1920px) 100vw, 1920px\" \/>\n             <\/div>\n        <\/div><div class=\"eael-entry-wrapper\"><header class=\"eael-entry-header\"><h2 class=\"eael-entry-title\"><a class=\"eael-grid-post-link\" href=\"https:\/\/a3d.es\/en\/construcciones\/mayor-street-development\/\" title=\"Mayor Street development\">Mayor Street development<\/a><\/h2><\/header><\/div><\/div>\n        <\/div>\n    <\/article><article class=\"eael-grid-post  eael-post-grid-column eael-pg-post-6897 category-real-state\" data-id=\"6897\">\n        <div class=\"eael-grid-post-holder\">\n            <div class=\"eael-grid-post-holder-inner\"><div class=\"eael-entry-media\"><div class=\"eael-entry-overlay fade-in\"><i class=\"\" aria-hidden=\"true\"><\/i><a href=\"https:\/\/a3d.es\/en\/construcciones\/conca-de-barbera-county-council\/\"><\/a><\/div><div class=\"eael-entry-thumbnail \">\n                 <img loading=\"lazy\" decoding=\"async\" width=\"2000\" height=\"1125\" src=\"https:\/\/a3d.es\/wp-content\/uploads\/2022\/03\/a3d-proyectos-consell-conca-barbera-principal.jpg\" class=\"attachment-full size-full wp-image-5813\" alt=\"\" title=\"\" srcset=\"https:\/\/a3d.es\/wp-content\/uploads\/2022\/03\/a3d-proyectos-consell-conca-barbera-principal.jpg 2000w, https:\/\/a3d.es\/wp-content\/uploads\/2022\/03\/a3d-proyectos-consell-conca-barbera-principal-300x169.jpg 300w, https:\/\/a3d.es\/wp-content\/uploads\/2022\/03\/a3d-proyectos-consell-conca-barbera-principal-1024x576.jpg 1024w, https:\/\/a3d.es\/wp-content\/uploads\/2022\/03\/a3d-proyectos-consell-conca-barbera-principal-768x432.jpg 768w, https:\/\/a3d.es\/wp-content\/uploads\/2022\/03\/a3d-proyectos-consell-conca-barbera-principal-1536x864.jpg 1536w\" sizes=\"(max-width: 2000px) 100vw, 2000px\" \/>\n             <\/div>\n        <\/div><div class=\"eael-entry-wrapper\"><header class=\"eael-entry-header\"><h2 class=\"eael-entry-title\"><a class=\"eael-grid-post-link\" href=\"https:\/\/a3d.es\/en\/construcciones\/conca-de-barbera-county-council\/\" title=\"Conca de Barber\u00e0 County Council\">Conca de Barber\u00e0 County Council<\/a><\/h2><\/header><\/div><\/div>\n        <\/div>\n    <\/article><article class=\"eael-grid-post  eael-post-grid-column eael-pg-post-6907 category-patrimonial-real-state\" data-id=\"6907\">\n        <div class=\"eael-grid-post-holder\">\n            <div class=\"eael-grid-post-holder-inner\"><div class=\"eael-entry-media\"><div class=\"eael-entry-overlay fade-in\"><i class=\"\" aria-hidden=\"true\"><\/i><a href=\"https:\/\/a3d.es\/en\/construcciones\/music-school\/\"><\/a><\/div><div class=\"eael-entry-thumbnail \">\n                 <img loading=\"lazy\" decoding=\"async\" width=\"2000\" height=\"1125\" src=\"https:\/\/a3d.es\/wp-content\/uploads\/2022\/03\/a3d-proyectos-escuela-musica-principal.jpg\" class=\"attachment-full size-full wp-image-5774\" alt=\"\" title=\"\" srcset=\"https:\/\/a3d.es\/wp-content\/uploads\/2022\/03\/a3d-proyectos-escuela-musica-principal.jpg 2000w, https:\/\/a3d.es\/wp-content\/uploads\/2022\/03\/a3d-proyectos-escuela-musica-principal-300x169.jpg 300w, https:\/\/a3d.es\/wp-content\/uploads\/2022\/03\/a3d-proyectos-escuela-musica-principal-1024x576.jpg 1024w, https:\/\/a3d.es\/wp-content\/uploads\/2022\/03\/a3d-proyectos-escuela-musica-principal-768x432.jpg 768w, https:\/\/a3d.es\/wp-content\/uploads\/2022\/03\/a3d-proyectos-escuela-musica-principal-1536x864.jpg 1536w\" sizes=\"(max-width: 2000px) 100vw, 2000px\" \/>\n             <\/div>\n        <\/div><div class=\"eael-entry-wrapper\"><header class=\"eael-entry-header\"><h2 class=\"eael-entry-title\"><a class=\"eael-grid-post-link\" href=\"https:\/\/a3d.es\/en\/construcciones\/music-school\/\" title=\"Music school\">Music school<\/a><\/h2><\/header><\/div><\/div>\n        <\/div>\n    <\/article><article class=\"eael-grid-post  eael-post-grid-column eael-pg-post-6911 category-patrimonial-real-state\" data-id=\"6911\">\n        <div class=\"eael-grid-post-holder\">\n            <div class=\"eael-grid-post-holder-inner\"><div class=\"eael-entry-media\"><div class=\"eael-entry-overlay fade-in\"><i class=\"\" aria-hidden=\"true\"><\/i><a href=\"https:\/\/a3d.es\/en\/construcciones\/logistics-units-in-la-bisbal\/\"><\/a><\/div><div class=\"eael-entry-thumbnail \">\n                 <img loading=\"lazy\" decoding=\"async\" width=\"2000\" height=\"1092\" src=\"https:\/\/a3d.es\/wp-content\/uploads\/2022\/03\/A3D-proyectos-nave-logistica-la-bisbal-slider-principal.jpg\" class=\"attachment-full size-full wp-image-5769\" alt=\"Fire Protection Full Model\" title=\"\" srcset=\"https:\/\/a3d.es\/wp-content\/uploads\/2022\/03\/A3D-proyectos-nave-logistica-la-bisbal-slider-principal.jpg 2000w, https:\/\/a3d.es\/wp-content\/uploads\/2022\/03\/A3D-proyectos-nave-logistica-la-bisbal-slider-principal-300x164.jpg 300w, https:\/\/a3d.es\/wp-content\/uploads\/2022\/03\/A3D-proyectos-nave-logistica-la-bisbal-slider-principal-1024x559.jpg 1024w, https:\/\/a3d.es\/wp-content\/uploads\/2022\/03\/A3D-proyectos-nave-logistica-la-bisbal-slider-principal-768x419.jpg 768w, https:\/\/a3d.es\/wp-content\/uploads\/2022\/03\/A3D-proyectos-nave-logistica-la-bisbal-slider-principal-1536x839.jpg 1536w\" sizes=\"(max-width: 2000px) 100vw, 2000px\" \/>\n             <\/div>\n        <\/div><div class=\"eael-entry-wrapper\"><header class=\"eael-entry-header\"><h2 class=\"eael-entry-title\"><a class=\"eael-grid-post-link\" href=\"https:\/\/a3d.es\/en\/construcciones\/logistics-units-in-la-bisbal\/\" title=\"Logistics units in La Bisbal\">Logistics units in La Bisbal<\/a><\/h2><\/header><\/div><\/div>\n        <\/div>\n    <\/article><\/div>\n            <div class=\"clearfix\"><\/div>\n        <\/div>            <div class=\"eael-load-more-button-wrap\">\n                <button class=\"eael-load-more-button\" id=\"eael-load-more-btn-9f15483\" data-widget-id=\"9f15483\" data-widget=\"9f15483\" data-page-id=\"6383\" data-template=\"{&quot;dir&quot;:&quot;lite&quot;,&quot;file_name&quot;:&quot;three.php&quot;,&quot;name&quot;:&quot;Post-Grid&quot;}\" data-class=\"Essential_Addons_Elementor\\Elements\\Post_Grid\" data-layout=\"grid\" data-page=\"1\" data-args=\"orderby=date&amp;order=asc&amp;ignore_sticky_posts=1&amp;post_status=publish&amp;posts_per_page=20&amp;offset=0&amp;post_type=construcciones&amp;tax_query%5B0%5D%5Btaxonomy%5D=category&amp;tax_query%5B0%5D%5Bfield%5D=term_id&amp;tax_query%5B0%5D%5Bterms%5D%5B0%5D=58&amp;tax_query%5Brelation%5D=AND\" data-max-page=\"2\">\n                    <span class=\"eael-btn-loader button__loader\"><\/span>\n                    <span class=\"eael_load_more_text\">More projects<\/span>\n                <\/button>\n            <\/div>\n            \t\t\t\t<\/div>\n\t\t\t\t<\/div>\n\t\t\t\t\t<\/div>\n\t\t<\/div>\n\t\t\t\t\t<\/div>\n\t\t<\/section>\n\t\t\t\t<\/div>\n\t\t","protected":false},"excerpt":{"rendered":"<p>Centre de Cultura Contempor\u00e0nia de Barcelona (CCCB) Edifico AMB Escuela Nacional de Control de la Contralor\u00eda Tanatorio Biblioteca Pau Vila Naves log\u00edsticas La Bisbal Naves log\u00edsticas Valencia Escuela de m\u00fasica Urbanizaci\u00f3n calle Mayor Conjunto de viviendas Consell Comarcal Conca de Barber\u00e0 Pabell\u00f3n deportivo Santa Coloma Biblioteca Fontsanta-Fatj\u00f3 Comisar\u00eda Barber\u00e0 del Vall\u00e8s Ayuntamiento de Sant Feliu [&hellip;]<\/p>\n","protected":false},"author":13,"featured_media":0,"parent":6375,"menu_order":37,"comment_status":"closed","ping_status":"closed","template":"","meta":{"footnotes":""},"class_list":["post-6383","page","type-page","status-publish","hentry"],"_links":{"self":[{"href":"https:\/\/a3d.es\/en\/wp-json\/wp\/v2\/pages\/6383","targetHints":{"allow":["GET"]}}],"collection":[{"href":"https:\/\/a3d.es\/en\/wp-json\/wp\/v2\/pages"}],"about":[{"href":"https:\/\/a3d.es\/en\/wp-json\/wp\/v2\/types\/page"}],"author":[{"embeddable":true,"href":"https:\/\/a3d.es\/en\/wp-json\/wp\/v2\/users\/13"}],"replies":[{"embeddable":true,"href":"https:\/\/a3d.es\/en\/wp-json\/wp\/v2\/comments?post=6383"}],"version-history":[{"count":0,"href":"https:\/\/a3d.es\/en\/wp-json\/wp\/v2\/pages\/6383\/revisions"}],"up":[{"embeddable":true,"href":"https:\/\/a3d.es\/en\/wp-json\/wp\/v2\/pages\/6375"}],"wp:attachment":[{"href":"https:\/\/a3d.es\/en\/wp-json\/wp\/v2\/media?parent=6383"}],"curies":[{"name":"wp","href":"https:\/\/api.w.org\/{rel}","templated":true}]}}